{"id":4268,"date":"2023-12-05T09:21:32","date_gmt":"2023-12-05T09:21:32","guid":{"rendered":"https:\/\/sosal.evolve-studio.xyz\/?page_id=4268"},"modified":"2023-12-05T09:39:21","modified_gmt":"2023-12-05T09:39:21","slug":"our-history","status":"publish","type":"page","link":"https:\/\/soskd.org.al\/en\/who-we-are\/sos-albania\/our-history\/","title":{"rendered":"Our history"},"content":{"rendered":"\t\t<div data-elementor-type=\"wp-page\" data-elementor-id=\"4268\" class=\"elementor elementor-4268\" data-elementor-post-type=\"page\">\n\t\t\t\t\t\t\t<div class=\"elementor-element elementor-element-5ac7a9d e-flex e-con-boxed e-con e-parent\" data-id=\"5ac7a9d\" data-element_type=\"container\" data-settings=\"{&quot;background_background&quot;:&quot;classic&quot;,&quot;container_type&quot;:&quot;flex&quot;,&quot;content_width&quot;:&quot;boxed&quot;}\" data-core-v316-plus=\"true\">\n\t\t\t\t\t<div class=\"e-con-inner\">\n\t\t\t\t<div class=\"elementor-element elementor-element-8e67aa7 elementor-widget elementor-widget-heading\" data-id=\"8e67aa7\" data-element_type=\"widget\" data-widget_type=\"heading.default\">\n\t\t\t\t<div class=\"elementor-widget-container\">\n\t\t\t<style>\/*! elementor - v3.16.0 - 14-09-2023 *\/\n.elementor-heading-title{padding:0;margin:0;line-height:1}.elementor-widget-heading .elementor-heading-title[class*=elementor-size-]>a{color:inherit;font-size:inherit;line-height:inherit}.elementor-widget-heading .elementor-heading-title.elementor-size-small{font-size:15px}.elementor-widget-heading .elementor-heading-title.elementor-size-medium{font-size:19px}.elementor-widget-heading .elementor-heading-title.elementor-size-large{font-size:29px}.elementor-widget-heading .elementor-heading-title.elementor-size-xl{font-size:39px}.elementor-widget-heading .elementor-heading-title.elementor-size-xxl{font-size:59px}<\/style><h2 class=\"elementor-heading-title elementor-size-default\">Our history<\/h2>\t\t<\/div>\n\t\t\t\t<\/div>\n\t\t\t\t<div class=\"elementor-element elementor-element-1d1e639 sos-timeline sos-timeline-version-two elementor-widget elementor-widget-wil-timeline\" data-id=\"1d1e639\" data-element_type=\"widget\" data-widget_type=\"wil-timeline.default\">\n\t\t\t\t<div class=\"elementor-widget-container\">\n\t\t\t\n\n\n\n<div class=\"wil-timeline-wrapper\">\n  <div class=\"wil-timeline-scrollbar wil-timeline-wrap2 ovy:hidden ovx:auto mr:-15px\">\n    <div class=\"d:flex w:max-content pb:20px\">\n                                                                      <div class=\"wil-timeline mr:30px w:240px pos:relative c:#000 lh:1.5 d:flex fld:column jc:flex-end\">\n          <div class=\"wil-timeline__inner pos:relative trs:0.3s trf:scale(0.88)@sm trfo:bottom_center\">\n            <div class=\"wil-timeline__content ta:center bgc:#fafafa bdrs:15px p:20px\" style=\"\">\n                                            <div class=\"wil-timeline__text textTypo mt:10px op:0.8 fz:15px c:#444\" style=\"\">1993 cooperating agreement between the Albania Government and SOS KINDERDORF International for the opening of SOS Children\u2019s Villages Albania.<\/div>\n                                        <\/div>\n          <\/div>\n          <div>\n            <div class=\"mt:50px w:calc(100%_+_30px) h:2px bgc:#eee bdrs:2px\" style=\"\"><\/div>\n                          <div class=\"wil-timeline__time timeTypo trs:0.3s ta:center fz:14px mt:-40px lts:1px fw:600!\" style=\"\">\n                <div class=\"wil-timeline__img trs:0.3s w:80px h:80px m:auto mb:10px bdrs:50% bgc:#eee bgz:cover bgp:center\" style=\"background-image: url('https:\/\/soskd.org.al\/wp-content\/uploads\/2023\/12\/1.jpg');\"><\/div>\n                <span>1993<\/span>\n              <\/div>\n                      <\/div>\n        <\/div>\n                                                                      <div class=\"wil-timeline mr:30px w:240px pos:relative c:#000 lh:1.5 d:flex fld:column jc:flex-end\">\n          <div class=\"wil-timeline__inner pos:relative trs:0.3s trf:scale(0.88)@sm trfo:bottom_center\">\n            <div class=\"wil-timeline__content ta:center bgc:#fafafa bdrs:15px p:20px\" style=\"\">\n                                            <div class=\"wil-timeline__text textTypo mt:10px op:0.8 fz:15px c:#444\" style=\"\">1993 \u2013 1995 building the houses for the children in Sauk, Tirana.<\/div>\n                                        <\/div>\n          <\/div>\n          <div>\n            <div class=\"mt:50px w:calc(100%_+_30px) h:2px bgc:#eee bdrs:2px\" style=\"\"><\/div>\n                          <div class=\"wil-timeline__time timeTypo trs:0.3s ta:center fz:14px mt:-40px lts:1px fw:600!\" style=\"\">\n                <div class=\"wil-timeline__img trs:0.3s w:80px h:80px m:auto mb:10px bdrs:50% bgc:#eee bgz:cover bgp:center\" style=\"background-image: url('https:\/\/soskd.org.al\/wp-content\/uploads\/2023\/12\/1993-\u2013-1995.jpg');\"><\/div>\n                <span>1993 \u2013 1995<\/span>\n              <\/div>\n                      <\/div>\n        <\/div>\n                                                                      <div class=\"wil-timeline mr:30px w:240px pos:relative c:#000 lh:1.5 d:flex fld:column jc:flex-end\">\n          <div class=\"wil-timeline__inner pos:relative trs:0.3s trf:scale(0.88)@sm trfo:bottom_center\">\n            <div class=\"wil-timeline__content ta:center bgc:#fafafa bdrs:15px p:20px\" style=\"\">\n                                            <div class=\"wil-timeline__text textTypo mt:10px op:0.8 fz:15px c:#444\" style=\"\">07 July 1995 the first two families of the SOS Children\u2019s Village Tirana were created.<\/div>\n                                        <\/div>\n          <\/div>\n          <div>\n            <div class=\"mt:50px w:calc(100%_+_30px) h:2px bgc:#eee bdrs:2px\" style=\"\"><\/div>\n                          <div class=\"wil-timeline__time timeTypo trs:0.3s ta:center fz:14px mt:-40px lts:1px fw:600!\" style=\"\">\n                <div class=\"wil-timeline__img trs:0.3s w:80px h:80px m:auto mb:10px bdrs:50% bgc:#eee bgz:cover bgp:center\" style=\"background-image: url('https:\/\/soskd.org.al\/wp-content\/uploads\/2023\/12\/07-July-1995.jpg');\"><\/div>\n                <span>07 July 1995<\/span>\n              <\/div>\n                      <\/div>\n        <\/div>\n                                                                      <div class=\"wil-timeline mr:30px w:240px pos:relative c:#000 lh:1.5 d:flex fld:column jc:flex-end\">\n          <div class=\"wil-timeline__inner pos:relative trs:0.3s trf:scale(0.88)@sm trfo:bottom_center\">\n            <div class=\"wil-timeline__content ta:center bgc:#fafafa bdrs:15px p:20px\" style=\"\">\n                                            <div class=\"wil-timeline__text textTypo mt:10px op:0.8 fz:15px c:#444\" style=\"\">1995 was opened the educational facilities SOS Kindergarten.<\/div>\n                                        <\/div>\n          <\/div>\n          <div>\n            <div class=\"mt:50px w:calc(100%_+_30px) h:2px bgc:#eee bdrs:2px\" style=\"\"><\/div>\n                          <div class=\"wil-timeline__time timeTypo trs:0.3s ta:center fz:14px mt:-40px lts:1px fw:600!\" style=\"\">\n                <div class=\"wil-timeline__img trs:0.3s w:80px h:80px m:auto mb:10px bdrs:50% bgc:#eee bgz:cover bgp:center\" style=\"background-image: url('https:\/\/soskd.org.al\/wp-content\/uploads\/2023\/12\/5.jpg');\"><\/div>\n                <span>1995<\/span>\n              <\/div>\n                      <\/div>\n        <\/div>\n                                                                      <div class=\"wil-timeline mr:30px w:240px pos:relative c:#000 lh:1.5 d:flex fld:column jc:flex-end\">\n          <div class=\"wil-timeline__inner pos:relative trs:0.3s trf:scale(0.88)@sm trfo:bottom_center\">\n            <div class=\"wil-timeline__content ta:center bgc:#fafafa bdrs:15px p:20px\" style=\"\">\n                                            <div class=\"wil-timeline__text textTypo mt:10px op:0.8 fz:15px c:#444\" style=\"\">18 October 1996 the official inauguration of SOS Children\u2019s Villages Albania.<\/div>\n                                        <\/div>\n          <\/div>\n          <div>\n            <div class=\"mt:50px w:calc(100%_+_30px) h:2px bgc:#eee bdrs:2px\" style=\"\"><\/div>\n                          <div class=\"wil-timeline__time timeTypo trs:0.3s ta:center fz:14px mt:-40px lts:1px fw:600!\" style=\"\">\n                <div class=\"wil-timeline__img trs:0.3s w:80px h:80px m:auto mb:10px bdrs:50% bgc:#eee bgz:cover bgp:center\" style=\"background-image: url('https:\/\/soskd.org.al\/wp-content\/uploads\/2023\/12\/4.jpg');\"><\/div>\n                <span>18 October 1996<\/span>\n              <\/div>\n                      <\/div>\n        <\/div>\n                                                                      <div class=\"wil-timeline mr:30px w:240px pos:relative c:#000 lh:1.5 d:flex fld:column jc:flex-end\">\n          <div class=\"wil-timeline__inner pos:relative trs:0.3s trf:scale(0.88)@sm trfo:bottom_center\">\n            <div class=\"wil-timeline__content ta:center bgc:#fafafa bdrs:15px p:20px\" style=\"\">\n                                            <div class=\"wil-timeline__text textTypo mt:10px op:0.8 fz:15px c:#444\" style=\"\">16 September 1996 was open SOS Herman Gmeiner School.<\/div>\n                                        <\/div>\n          <\/div>\n          <div>\n            <div class=\"mt:50px w:calc(100%_+_30px) h:2px bgc:#eee bdrs:2px\" style=\"\"><\/div>\n                          <div class=\"wil-timeline__time timeTypo trs:0.3s ta:center fz:14px mt:-40px lts:1px fw:600!\" style=\"\">\n                <div class=\"wil-timeline__img trs:0.3s w:80px h:80px m:auto mb:10px bdrs:50% bgc:#eee bgz:cover bgp:center\" style=\"background-image: url('https:\/\/soskd.org.al\/wp-content\/uploads\/2023\/12\/6.png');\"><\/div>\n                <span>16 September 1996<\/span>\n              <\/div>\n                      <\/div>\n        <\/div>\n                                                                      <div class=\"wil-timeline mr:30px w:240px pos:relative c:#000 lh:1.5 d:flex fld:column jc:flex-end\">\n          <div class=\"wil-timeline__inner pos:relative trs:0.3s trf:scale(0.88)@sm trfo:bottom_center\">\n            <div class=\"wil-timeline__content ta:center bgc:#fafafa bdrs:15px p:20px\" style=\"\">\n                                            <div class=\"wil-timeline__text textTypo mt:10px op:0.8 fz:15px c:#444\" style=\"\">2001 was created the first youth home.<\/div>\n                                        <\/div>\n          <\/div>\n          <div>\n            <div class=\"mt:50px w:calc(100%_+_30px) h:2px bgc:#eee bdrs:2px\" style=\"\"><\/div>\n                          <div class=\"wil-timeline__time timeTypo trs:0.3s ta:center fz:14px mt:-40px lts:1px fw:600!\" style=\"\">\n                <div class=\"wil-timeline__img trs:0.3s w:80px h:80px m:auto mb:10px bdrs:50% bgc:#eee bgz:cover bgp:center\" style=\"background-image: url('https:\/\/soskd.org.al\/wp-content\/uploads\/2023\/12\/7.jpg');\"><\/div>\n                <span>2001<\/span>\n              <\/div>\n                      <\/div>\n        <\/div>\n                                                                      <div class=\"wil-timeline mr:30px w:240px pos:relative c:#000 lh:1.5 d:flex fld:column jc:flex-end\">\n          <div class=\"wil-timeline__inner pos:relative trs:0.3s trf:scale(0.88)@sm trfo:bottom_center\">\n            <div class=\"wil-timeline__content ta:center bgc:#fafafa bdrs:15px p:20px\" style=\"\">\n                                            <div class=\"wil-timeline__text textTypo mt:10px op:0.8 fz:15px c:#444\" style=\"\">05 August 2006 was created another youth home.<\/div>\n                                        <\/div>\n          <\/div>\n          <div>\n            <div class=\"mt:50px w:calc(100%_+_30px) h:2px bgc:#eee bdrs:2px\" style=\"\"><\/div>\n                          <div class=\"wil-timeline__time timeTypo trs:0.3s ta:center fz:14px mt:-40px lts:1px fw:600!\" style=\"\">\n                <div class=\"wil-timeline__img trs:0.3s w:80px h:80px m:auto mb:10px bdrs:50% bgc:#eee bgz:cover bgp:center\" style=\"background-image: url('https:\/\/soskd.org.al\/wp-content\/uploads\/2023\/12\/8.jpg');\"><\/div>\n                <span>05 August 2006<\/span>\n              <\/div>\n                      <\/div>\n        <\/div>\n                                                                      <div class=\"wil-timeline mr:30px w:240px pos:relative c:#000 lh:1.5 d:flex fld:column jc:flex-end\">\n          <div class=\"wil-timeline__inner pos:relative trs:0.3s trf:scale(0.88)@sm trfo:bottom_center\">\n            <div class=\"wil-timeline__content ta:center bgc:#fafafa bdrs:15px p:20px\" style=\"\">\n                                            <div class=\"wil-timeline__text textTypo mt:10px op:0.8 fz:15px c:#444\" style=\"\">01 January 2006 Families Strengthening Program starts in Sauk, Tirana.<\/div>\n                                        <\/div>\n          <\/div>\n          <div>\n            <div class=\"mt:50px w:calc(100%_+_30px) h:2px bgc:#eee bdrs:2px\" style=\"\"><\/div>\n                          <div class=\"wil-timeline__time timeTypo trs:0.3s ta:center fz:14px mt:-40px lts:1px fw:600!\" style=\"\">\n                <div class=\"wil-timeline__img trs:0.3s w:80px h:80px m:auto mb:10px bdrs:50% bgc:#eee bgz:cover bgp:center\" style=\"background-image: url('https:\/\/soskd.org.al\/wp-content\/uploads\/2023\/12\/01-January-2006.jpg');\"><\/div>\n                <span>01 January 2006<\/span>\n              <\/div>\n                      <\/div>\n        <\/div>\n                                                                      <div class=\"wil-timeline mr:30px w:240px pos:relative c:#000 lh:1.5 d:flex fld:column jc:flex-end\">\n          <div class=\"wil-timeline__inner pos:relative trs:0.3s trf:scale(0.88)@sm trfo:bottom_center\">\n            <div class=\"wil-timeline__content ta:center bgc:#fafafa bdrs:15px p:20px\" style=\"\">\n                                            <div class=\"wil-timeline__text textTypo mt:10px op:0.8 fz:15px c:#444\" style=\"\">01 February 2007 Families Strengthening Program starts in Don Bosko, Tirana.<\/div>\n                                        <\/div>\n          <\/div>\n          <div>\n            <div class=\"mt:50px w:calc(100%_+_30px) h:2px bgc:#eee bdrs:2px\" style=\"\"><\/div>\n                          <div class=\"wil-timeline__time timeTypo trs:0.3s ta:center fz:14px mt:-40px lts:1px fw:600!\" style=\"\">\n                <div class=\"wil-timeline__img trs:0.3s w:80px h:80px m:auto mb:10px bdrs:50% bgc:#eee bgz:cover bgp:center\" style=\"background-image: url('https:\/\/soskd.org.al\/wp-content\/uploads\/2023\/12\/10.jpg');\"><\/div>\n                <span>01 February 2007<\/span>\n              <\/div>\n                      <\/div>\n        <\/div>\n                                                                      <div class=\"wil-timeline mr:30px w:240px pos:relative c:#000 lh:1.5 d:flex fld:column jc:flex-end\">\n          <div class=\"wil-timeline__inner pos:relative trs:0.3s trf:scale(0.88)@sm trfo:bottom_center\">\n            <div class=\"wil-timeline__content ta:center bgc:#fafafa bdrs:15px p:20px\" style=\"\">\n                                            <div class=\"wil-timeline__text textTypo mt:10px op:0.8 fz:15px c:#444\" style=\"\">01 May 2008 Families Strengthening Program starts in Shkodra.<\/div>\n                                        <\/div>\n          <\/div>\n          <div>\n            <div class=\"mt:50px w:calc(100%_+_30px) h:2px bgc:#eee bdrs:2px\" style=\"\"><\/div>\n                          <div class=\"wil-timeline__time timeTypo trs:0.3s ta:center fz:14px mt:-40px lts:1px fw:600!\" style=\"\">\n                <div class=\"wil-timeline__img trs:0.3s w:80px h:80px m:auto mb:10px bdrs:50% bgc:#eee bgz:cover bgp:center\" style=\"background-image: url('https:\/\/soskd.org.al\/wp-content\/uploads\/2023\/12\/01-May-2008.jpg');\"><\/div>\n                <span>01 May 2008<\/span>\n              <\/div>\n                      <\/div>\n        <\/div>\n                                                                      <div class=\"wil-timeline mr:30px w:240px pos:relative c:#000 lh:1.5 d:flex fld:column jc:flex-end\">\n          <div class=\"wil-timeline__inner pos:relative trs:0.3s trf:scale(0.88)@sm trfo:bottom_center\">\n            <div class=\"wil-timeline__content ta:center bgc:#fafafa bdrs:15px p:20px\" style=\"\">\n                                            <div class=\"wil-timeline__text textTypo mt:10px op:0.8 fz:15px c:#444\" style=\"\">03 December 2015 Families Strengthening Program starts in Thumane.<\/div>\n                                        <\/div>\n          <\/div>\n          <div>\n            <div class=\"mt:50px w:calc(100%_+_30px) h:2px bgc:#eee bdrs:2px\" style=\"\"><\/div>\n                          <div class=\"wil-timeline__time timeTypo trs:0.3s ta:center fz:14px mt:-40px lts:1px fw:600!\" style=\"\">\n                <div class=\"wil-timeline__img trs:0.3s w:80px h:80px m:auto mb:10px bdrs:50% bgc:#eee bgz:cover bgp:center\" style=\"background-image: url('https:\/\/soskd.org.al\/wp-content\/uploads\/2023\/12\/18.jpg');\"><\/div>\n                <span>03 December 2015<\/span>\n              <\/div>\n                      <\/div>\n        <\/div>\n          <\/div>\n  <\/div>\n<\/div>\n\n\t\t<\/div>\n\t\t\t\t<\/div>\n\t\t\t\t\t<\/div>\n\t\t\t\t<\/div>\n\t\t\t\t\t\t\t<\/div>\n\t\t","protected":false},"excerpt":{"rendered":"<p>Our history 1993 cooperating agreement between the Albania Government and SOS KINDERDORF International for the opening of SOS Children\u2019s Villages Albania. 1993 1993 \u2013 1995 building the houses for the children in Sauk, Tirana. 1993 \u2013 1995 07 July 1995 the first two families of the SOS Children\u2019s Village Tirana were created. 07 July 1995 [&hellip;]<\/p>\n","protected":false},"author":1,"featured_media":0,"parent":3862,"menu_order":0,"comment_status":"closed","ping_status":"closed","template":"elementor_header_footer","meta":{"inline_featured_image":false,"_monsterinsights_skip_tracking":false,"_monsterinsights_sitenote_active":false,"_monsterinsights_sitenote_note":"","_monsterinsights_sitenote_category":0,"footnotes":""},"class_list":["post-4268","page","type-page","status-publish","hentry"],"yoast_head":"<!-- This site is optimized with the Yoast SEO plugin v21.7 - https:\/\/yoast.com\/wordpress\/plugins\/seo\/ -->\n<title>Our history - SOS Children\u2019s Villages Albania<\/title>\n<meta name=\"robots\" content=\"index, follow, max-snippet:-1, max-image-preview:large, max-video-preview:-1\" \/>\n<link rel=\"canonical\" href=\"https:\/\/soskd.org.al\/kush-jemi\/sos-shqiperi\/historia-jone\/\" \/>\n<meta property=\"og:locale\" content=\"en_US\" \/>\n<meta property=\"og:type\" content=\"article\" \/>\n<meta property=\"og:title\" content=\"Our history - SOS Children\u2019s Villages Albania\" \/>\n<meta property=\"og:description\" content=\"Our history 1993 cooperating agreement between the Albania Government and SOS KINDERDORF International for the opening of SOS Children\u2019s Villages Albania. 1993 1993 \u2013 1995 building the houses for the children in Sauk, Tirana. 1993 \u2013 1995 07 July 1995 the first two families of the SOS Children\u2019s Village Tirana were created. 07 July 1995 [&hellip;]\" \/>\n<meta property=\"og:url\" content=\"https:\/\/soskd.org.al\/kush-jemi\/sos-shqiperi\/historia-jone\/\" \/>\n<meta property=\"og:site_name\" content=\"SOS Children\u2019s Villages Albania\" \/>\n<meta property=\"article:modified_time\" content=\"2023-12-05T09:39:21+00:00\" \/>\n<meta name=\"twitter:card\" content=\"summary_large_image\" \/>\n<meta name=\"twitter:label1\" content=\"Est. reading time\" \/>\n\t<meta name=\"twitter:data1\" content=\"1 minute\" \/>\n<script type=\"application\/ld+json\" class=\"yoast-schema-graph\">{\"@context\":\"https:\/\/schema.org\",\"@graph\":[{\"@type\":\"WebPage\",\"@id\":\"https:\/\/soskd.org.al\/kush-jemi\/sos-shqiperi\/historia-jone\/\",\"url\":\"https:\/\/soskd.org.al\/kush-jemi\/sos-shqiperi\/historia-jone\/\",\"name\":\"Our history - SOS Children\u2019s Villages Albania\",\"isPartOf\":{\"@id\":\"https:\/\/soskd.org.al\/#website\"},\"datePublished\":\"2023-12-05T09:21:32+00:00\",\"dateModified\":\"2023-12-05T09:39:21+00:00\",\"breadcrumb\":{\"@id\":\"https:\/\/soskd.org.al\/kush-jemi\/sos-shqiperi\/historia-jone\/#breadcrumb\"},\"inLanguage\":\"en-US\",\"potentialAction\":[{\"@type\":\"ReadAction\",\"target\":[\"https:\/\/soskd.org.al\/kush-jemi\/sos-shqiperi\/historia-jone\/\"]}]},{\"@type\":\"BreadcrumbList\",\"@id\":\"https:\/\/soskd.org.al\/kush-jemi\/sos-shqiperi\/historia-jone\/#breadcrumb\",\"itemListElement\":[{\"@type\":\"ListItem\",\"position\":1,\"name\":\"Home\",\"item\":\"https:\/\/soskd.org.al\/\"},{\"@type\":\"ListItem\",\"position\":2,\"name\":\"Who we are\",\"item\":\"https:\/\/soskd.org.al\/en\/who-we-are\/\"},{\"@type\":\"ListItem\",\"position\":3,\"name\":\"SOS Albania\",\"item\":\"https:\/\/soskd.org.al\/kush-jemi\/sos-shqiperi\/\"},{\"@type\":\"ListItem\",\"position\":4,\"name\":\"Our history\"}]},{\"@type\":\"WebSite\",\"@id\":\"https:\/\/soskd.org.al\/#website\",\"url\":\"https:\/\/soskd.org.al\/\",\"name\":\"SOS Children\u2019s Villages Albania\",\"description\":\"Shoqat\u00eb me fokus mb\u00ebshtetjen e f\u00ebmij\u00ebve &amp; t\u00eb rinjve n\u00eb vend, pa kujdes prind\u00ebror ose n\u00eb rrezik p\u00ebr ta humbur at\u00eb.\",\"publisher\":{\"@id\":\"https:\/\/soskd.org.al\/#organization\"},\"potentialAction\":[{\"@type\":\"SearchAction\",\"target\":{\"@type\":\"EntryPoint\",\"urlTemplate\":\"https:\/\/soskd.org.al\/?s={search_term_string}\"},\"query-input\":\"required name=search_term_string\"}],\"inLanguage\":\"en-US\"},{\"@type\":\"Organization\",\"@id\":\"https:\/\/soskd.org.al\/#organization\",\"name\":\"SOS Children\u2019s Villages Albania\",\"url\":\"https:\/\/soskd.org.al\/\",\"logo\":{\"@type\":\"ImageObject\",\"inLanguage\":\"en-US\",\"@id\":\"https:\/\/soskd.org.al\/#\/schema\/logo\/image\/\",\"url\":\"https:\/\/soskd.org.al\/wp-content\/uploads\/2023\/09\/Logo-sos-en.svg\",\"contentUrl\":\"https:\/\/soskd.org.al\/wp-content\/uploads\/2023\/09\/Logo-sos-en.svg\",\"width\":205,\"height\":36,\"caption\":\"SOS Children\u2019s Villages Albania\"},\"image\":{\"@id\":\"https:\/\/soskd.org.al\/#\/schema\/logo\/image\/\"}}]}<\/script>\n<!-- \/ Yoast SEO plugin. -->","yoast_head_json":{"title":"Our history - SOS Children\u2019s Villages Albania","robots":{"index":"index","follow":"follow","max-snippet":"max-snippet:-1","max-image-preview":"max-image-preview:large","max-video-preview":"max-video-preview:-1"},"canonical":"https:\/\/soskd.org.al\/kush-jemi\/sos-shqiperi\/historia-jone\/","og_locale":"en_US","og_type":"article","og_title":"Our history - SOS Children\u2019s Villages Albania","og_description":"Our history 1993 cooperating agreement between the Albania Government and SOS KINDERDORF International for the opening of SOS Children\u2019s Villages Albania. 1993 1993 \u2013 1995 building the houses for the children in Sauk, Tirana. 1993 \u2013 1995 07 July 1995 the first two families of the SOS Children\u2019s Village Tirana were created. 07 July 1995 [&hellip;]","og_url":"https:\/\/soskd.org.al\/kush-jemi\/sos-shqiperi\/historia-jone\/","og_site_name":"SOS Children\u2019s Villages Albania","article_modified_time":"2023-12-05T09:39:21+00:00","twitter_card":"summary_large_image","twitter_misc":{"Est. reading time":"1 minute"},"schema":{"@context":"https:\/\/schema.org","@graph":[{"@type":"WebPage","@id":"https:\/\/soskd.org.al\/kush-jemi\/sos-shqiperi\/historia-jone\/","url":"https:\/\/soskd.org.al\/kush-jemi\/sos-shqiperi\/historia-jone\/","name":"Our history - SOS Children\u2019s Villages Albania","isPartOf":{"@id":"https:\/\/soskd.org.al\/#website"},"datePublished":"2023-12-05T09:21:32+00:00","dateModified":"2023-12-05T09:39:21+00:00","breadcrumb":{"@id":"https:\/\/soskd.org.al\/kush-jemi\/sos-shqiperi\/historia-jone\/#breadcrumb"},"inLanguage":"en-US","potentialAction":[{"@type":"ReadAction","target":["https:\/\/soskd.org.al\/kush-jemi\/sos-shqiperi\/historia-jone\/"]}]},{"@type":"BreadcrumbList","@id":"https:\/\/soskd.org.al\/kush-jemi\/sos-shqiperi\/historia-jone\/#breadcrumb","itemListElement":[{"@type":"ListItem","position":1,"name":"Home","item":"https:\/\/soskd.org.al\/"},{"@type":"ListItem","position":2,"name":"Who we are","item":"https:\/\/soskd.org.al\/en\/who-we-are\/"},{"@type":"ListItem","position":3,"name":"SOS Albania","item":"https:\/\/soskd.org.al\/kush-jemi\/sos-shqiperi\/"},{"@type":"ListItem","position":4,"name":"Our history"}]},{"@type":"WebSite","@id":"https:\/\/soskd.org.al\/#website","url":"https:\/\/soskd.org.al\/","name":"SOS Children\u2019s Villages Albania","description":"Shoqat\u00eb me fokus mb\u00ebshtetjen e f\u00ebmij\u00ebve &amp; t\u00eb rinjve n\u00eb vend, pa kujdes prind\u00ebror ose n\u00eb rrezik p\u00ebr ta humbur at\u00eb.","publisher":{"@id":"https:\/\/soskd.org.al\/#organization"},"potentialAction":[{"@type":"SearchAction","target":{"@type":"EntryPoint","urlTemplate":"https:\/\/soskd.org.al\/?s={search_term_string}"},"query-input":"required name=search_term_string"}],"inLanguage":"en-US"},{"@type":"Organization","@id":"https:\/\/soskd.org.al\/#organization","name":"SOS Children\u2019s Villages Albania","url":"https:\/\/soskd.org.al\/","logo":{"@type":"ImageObject","inLanguage":"en-US","@id":"https:\/\/soskd.org.al\/#\/schema\/logo\/image\/","url":"https:\/\/soskd.org.al\/wp-content\/uploads\/2023\/09\/Logo-sos-en.svg","contentUrl":"https:\/\/soskd.org.al\/wp-content\/uploads\/2023\/09\/Logo-sos-en.svg","width":205,"height":36,"caption":"SOS Children\u2019s Villages Albania"},"image":{"@id":"https:\/\/soskd.org.al\/#\/schema\/logo\/image\/"}}]}},"_links":{"self":[{"href":"https:\/\/soskd.org.al\/en\/wp-json\/wp\/v2\/pages\/4268","targetHints":{"allow":["GET"]}}],"collection":[{"href":"https:\/\/soskd.org.al\/en\/wp-json\/wp\/v2\/pages"}],"about":[{"href":"https:\/\/soskd.org.al\/en\/wp-json\/wp\/v2\/types\/page"}],"author":[{"embeddable":true,"href":"https:\/\/soskd.org.al\/en\/wp-json\/wp\/v2\/users\/1"}],"replies":[{"embeddable":true,"href":"https:\/\/soskd.org.al\/en\/wp-json\/wp\/v2\/comments?post=4268"}],"version-history":[{"count":7,"href":"https:\/\/soskd.org.al\/en\/wp-json\/wp\/v2\/pages\/4268\/revisions"}],"predecessor-version":[{"id":4276,"href":"https:\/\/soskd.org.al\/en\/wp-json\/wp\/v2\/pages\/4268\/revisions\/4276"}],"up":[{"embeddable":true,"href":"https:\/\/soskd.org.al\/en\/wp-json\/wp\/v2\/pages\/3862"}],"wp:attachment":[{"href":"https:\/\/soskd.org.al\/en\/wp-json\/wp\/v2\/media?parent=4268"}],"curies":[{"name":"wp","href":"https:\/\/api.w.org\/{rel}","templated":true}]}}